{"id":5787,"date":"2025-02-19T17:31:54","date_gmt":"2025-02-19T15:31:54","guid":{"rendered":"https:\/\/neurofeedback-romania.ro\/?page_id=5787"},"modified":"2025-02-19T18:05:52","modified_gmt":"2025-02-19T16:05:52","slug":"webinar-neurofeedback-ilf","status":"publish","type":"page","link":"https:\/\/neurofeedback-romania.ro\/en\/webinar-neurofeedback-ilf\/","title":{"rendered":"Webinar &#8211; Cum s\u0103 devii practician Neurofeedback ILF?"},"content":{"rendered":"<div class=\"wp-block-media-text alignwide is-stacked-on-mobile\"><figure class=\"wp-block-media-text__media\"><img fetchpriority=\"high\" decoding=\"async\" width=\"1024\" height=\"536\" src=\"https:\/\/neurofeedback-romania.ro\/wp-content\/uploads\/2025\/02\/Webinar-Neurofeedback-Ro-1-1024x536.png\" alt=\"Webinar - Cum s\u0103 devii practician Neurofeedback? | 27 februarie 2025 | Roxana Toma &amp; Florentina Alden\" class=\"wp-image-5788 size-full\" srcset=\"https:\/\/neurofeedback-romania.ro\/wp-content\/uploads\/2025\/02\/Webinar-Neurofeedback-Ro-1-1024x536.png 1024w, https:\/\/neurofeedback-romania.ro\/wp-content\/uploads\/2025\/02\/Webinar-Neurofeedback-Ro-1-300x157.png 300w, https:\/\/neurofeedback-romania.ro\/wp-content\/uploads\/2025\/02\/Webinar-Neurofeedback-Ro-1-768x402.png 768w, https:\/\/neurofeedback-romania.ro\/wp-content\/uploads\/2025\/02\/Webinar-Neurofeedback-Ro-1-18x9.png 18w, https:\/\/neurofeedback-romania.ro\/wp-content\/uploads\/2025\/02\/Webinar-Neurofeedback-Ro-1-600x314.png 600w, https:\/\/neurofeedback-romania.ro\/wp-content\/uploads\/2025\/02\/Webinar-Neurofeedback-Ro-1.png 1200w\" sizes=\"(max-width: 1024px) 100vw, 1024px\" \/><\/figure><div class=\"wp-block-media-text__content\">\n<p class=\"has-large-font-size\">Facilitatori: Dr. Roxana Toma \u0219i Florentina Alden<\/p>\n<\/div><\/div>\n\n\n\n<h4 class=\"wp-block-heading\"><strong>Data &#8211; joi, 27 februarie 2025<\/strong><\/h4>\n\n\n\n<h4 class=\"wp-block-heading\"><strong>Ora &#8211; 19:00<\/strong><\/h4>\n\n\n\n<h4 class=\"wp-block-heading\"><strong>Durata: 1h<\/strong><\/h4>\n\n\n\n<h4 class=\"wp-block-heading\"><strong>Acces gratuit<\/strong><\/h4>\n\n\n\n<h4 class=\"wp-block-heading\"><strong>Webinarul este dedicat profesioni\u0219tilor din domeniul medical \u0219i al s\u0103n\u0103t\u0103\u021bii mintale care doresc s\u0103 integreze Neurofeedback-ul \u00een practica lor sau s\u0103 \u00ee\u0219i deschid\u0103 propriul cabinet de Neurofeedback.<\/strong><\/h4>\n\n\n\n<div class=\"wp-block-buttons is-layout-flex wp-block-buttons-is-layout-flex\">\n<div class=\"wp-block-button aligncenter\"><a class=\"wp-block-button__link\" href=\"https:\/\/form.jotform.com\/Neurofeedback_Romania\/webinar-neurofeedback-ilf\" target=\"_blank\" rel=\"noopener\">\u00ce<strong>nscrie-te gratuit AICI<\/strong><\/a><\/div>\n<\/div>\n\n\n\n<p>Descoper\u0103 cum&nbsp;<strong>Neurofeedback-ul<\/strong>&nbsp;poate transforma practica psihoterapeutic\u0103 \u0219i medical\u0103! \u00cen acest webinar, vom explora:<\/p>\n\n\n\n<p>\u2714&nbsp;<strong>Ce este Neurofeedback-ul \u0219i cum func\u021bioneaz\u0103<\/strong>.<br>\u2714&nbsp;<strong>Integrarea Neurofeedback-ului \u00een practica psihoterapeutic\u0103 \u0219i medical\u0103<\/strong>.<br>\u2714&nbsp;<strong>Demontarea celor mai frecvente mituri despre Neurofeedback<\/strong>.<br>\u2714&nbsp;<strong>Sesiune de \u00eentreb\u0103ri \u0219i r\u0103spunsuri<\/strong>.<\/p>\n\n\n\n<p>Webinarul va fi sus\u021binut de&nbsp;<strong>Dr. Roxana Toma<\/strong>, medic, psihoterapeut, trainer \u0219i practician Neurofeedback Rom\u00e2nia, al\u0103turi de&nbsp;<strong>Florentina Alden<\/strong>, fondator Neurofeedback Rom\u00e2nia.<\/p>\n\n\n\n<p><strong>\u00censcrie-te complet\u00e2nd formularul de mai jos \u0219i afl\u0103 cum Neurofeedback-ul poate aduce un plus de valoare \u00een practica ta!<\/strong><\/p>\n\n\n\n<script type=\"text\/javascript\" src=\"https:\/\/form.jotform.com\/jsform\/241266597637368\"><\/script>","protected":false},"excerpt":{"rendered":"<p>Facilitatori: Dr. Roxana Toma \u0219i Florentina Alden Data &#8211; joi, 27 februarie 2025 Ora &#8211; 19:00 Durata: 1h Acces gratuit Webinarul este dedicat profesioni\u0219tilor din domeniul medical \u0219i al s\u0103n\u0103t\u0103\u021bii mintale care doresc s\u0103 integreze Neurofeedback-ul \u00een practica lor sau s\u0103 \u00ee\u0219i deschid\u0103 propriul cabinet de Neurofeedback. Descoper\u0103 cum&nbsp;Neurofeedback-ul&nbsp;poate transforma practica psihoterapeutic\u0103 \u0219i medical\u0103! \u00cen&#8230;<\/p>","protected":false},"author":4,"featured_media":5788,"parent":0,"menu_order":0,"comment_status":"closed","ping_status":"closed","template":"","meta":{"_acf_changed":false,"_kad_post_transparent":"","_kad_post_title":"","_kad_post_layout":"","_kad_post_sidebar_id":"","_kad_post_content_style":"","_kad_post_vertical_padding":"","_kad_post_feature":"","_kad_post_feature_position":"","_kad_post_header":false,"_kad_post_footer":false,"_kad_post_classname":"","footnotes":""},"class_list":["post-5787","page","type-page","status-publish","has-post-thumbnail","hentry"],"acf":[],"_links":{"self":[{"href":"https:\/\/neurofeedback-romania.ro\/en\/wp-json\/wp\/v2\/pages\/5787","targetHints":{"allow":["GET"]}}],"collection":[{"href":"https:\/\/neurofeedback-romania.ro\/en\/wp-json\/wp\/v2\/pages"}],"about":[{"href":"https:\/\/neurofeedback-romania.ro\/en\/wp-json\/wp\/v2\/types\/page"}],"author":[{"embeddable":true,"href":"https:\/\/neurofeedback-romania.ro\/en\/wp-json\/wp\/v2\/users\/4"}],"replies":[{"embeddable":true,"href":"https:\/\/neurofeedback-romania.ro\/en\/wp-json\/wp\/v2\/comments?post=5787"}],"version-history":[{"count":2,"href":"https:\/\/neurofeedback-romania.ro\/en\/wp-json\/wp\/v2\/pages\/5787\/revisions"}],"predecessor-version":[{"id":5802,"href":"https:\/\/neurofeedback-romania.ro\/en\/wp-json\/wp\/v2\/pages\/5787\/revisions\/5802"}],"wp:featuredmedia":[{"embeddable":true,"href":"https:\/\/neurofeedback-romania.ro\/en\/wp-json\/wp\/v2\/media\/5788"}],"wp:attachment":[{"href":"https:\/\/neurofeedback-romania.ro\/en\/wp-json\/wp\/v2\/media?parent=5787"}],"curies":[{"name":"wp","href":"https:\/\/api.w.org\/{rel}","templated":true}]}}