{"id":7404,"date":"2025-09-23T20:54:44","date_gmt":"2025-09-23T17:54:44","guid":{"rendered":"https:\/\/neurofeedback-romania.ro\/?page_id=7404"},"modified":"2025-09-24T23:38:23","modified_gmt":"2025-09-24T20:38:23","slug":"atelier-neurofeedback-ilf-noiembrie-2025","status":"publish","type":"page","link":"https:\/\/neurofeedback-romania.ro\/en\/atelier-neurofeedback-ilf-noiembrie-2025\/","title":{"rendered":"Atelier\u00a0Neurofeedback\u00a0ILF"},"content":{"rendered":"<div class=\"wp-block-media-text alignwide is-stacked-on-mobile is-vertically-aligned-center\"><figure class=\"wp-block-media-text__media\"><img decoding=\"async\" src=\"https:\/\/neurofeedback-romania.ro\/wp-content\/uploads\/2025\/09\/Atelier-Neurofeedback-1024x538.png\" alt=\"\" class=\"wp-image-7405 size-full\"\/><\/figure><div class=\"wp-block-media-text__content\">\n<h2 class=\"wp-block-heading has-large-font-size\">Coordonatori:<\/h2>\n\n\n\n<ul class=\"wp-block-list\">\n<li>Dr. C\u0103t\u0103lina Ioana Ciubot\u0103rescu <\/li>\n\n\n\n<li>Doru Georgescu<\/li>\n<\/ul>\n<\/div><\/div>\n\n\n\n<h4 class=\"wp-block-heading\"><strong>Data &#8211; curs de o zi, la alegere \u00eentre s\u0103mb\u0103t\u0103, 8 noiembrie sau duminic\u0103, 9 noiembrie 2025<\/strong><\/h4>\n\n\n\n<p>12 locuri limitate\/zi. <\/p>\n\n\n\n<hr class=\"wp-block-separator has-alpha-channel-opacity is-style-wide\"\/>\n\n\n\n<h4 class=\"wp-block-heading\"><strong>Ora &#8211; 09:00 &#8211; 18:00<\/strong><\/h4>\n\n\n\n<hr class=\"wp-block-separator has-alpha-channel-opacity is-style-wide\"\/>\n\n\n\n<h4 class=\"wp-block-heading\"><strong>Pre\u021b: 1452 lei (TVA 21% inclus)<\/strong><\/h4>\n\n\n\n<p>Cafea, r\u0103coritoare&nbsp;si gust\u0103ri&nbsp;incluse.<\/p>\n\n\n\n<hr class=\"wp-block-separator has-alpha-channel-opacity is-style-wide\"\/>\n\n\n\n<h4 class=\"wp-block-heading\"><strong>Atelierul este deschis absolven\u021bilor cursului de baz\u0103 \u00een Neurofeedback ILF<\/strong> organizat de Neurofeedback Rom\u00e2nia sau de un partener BeeMedic.<\/h4>\n\n\n\n<p><\/p>\n\n\n\n<div class=\"wp-block-buttons is-horizontal is-layout-flex wp-block-buttons-is-layout-flex\">\n<div class=\"wp-block-button aligncenter is-style-fill\"><a class=\"wp-block-button__link wp-element-button\" href=\"https:\/\/form.jotform.com\/Neurofeedback_Romania\/atelier-neurofeedback-ilf\" target=\"_blank\" rel=\"noreferrer noopener\">\u00ce<strong>nscrie-te AICI<\/strong><\/a><\/div>\n<\/div>\n\n\n\n<p>Cursul de baz\u0103 Neurofeedback&nbsp;ILF ofer\u0103 cuno\u0219tin\u021bele fundamentale necesare pentru a \u00eencepe practica in cabinetul propriu. Totu\u0219i, \u00een etapa ini\u021bial\u0103 de aplicare pot ap\u0103rea \u00eentreb\u0103ri suplimentare \u0219i provoc\u0103ri practice. Pentru a sprijini aceast\u0103 etap\u0103 esen\u021bial\u0103, propunem un curs intensiv de o zi, conceput pentru a facilita integrarea rapid\u0103 \u0219i eficient\u0103 a neurofeedback-ului&nbsp;ILF \u00een practica zilnic\u0103.<\/p>\n\n\n\n<p>Acest atelier practic ofer\u0103 un cadru structurat pentru clarificarea \u00eentreb\u0103rilor ap\u0103rute, precum \u0219i pentru dob\u00e2ndirea de sprijin concret prin dialog cu trainerii \u0219i ceilal\u021bi participan\u021bi. Programul este deosebit de util pentru cei care au acumulat primele experien\u021be cu clien\u021bi dup\u0103 parcurgerea cursului de baz\u0103 sau pentru cei care doresc s\u0103 \u00ee\u0219i consolideze \u0219i actualizeze cuno\u0219tin\u021bele \u00eenainte de \u00eenceperea activit\u0103\u021bii practice.<\/p>\n\n\n\n<h2 class=\"wp-block-heading\"><strong>Con\u021binut esen\u021bial<\/strong><\/h2>\n\n\n\n<p>Atelierul se structureaz\u0103 \u00een jurul urm\u0103toarelor module tematice, ajustate \u00een func\u021bie de interesele \u0219i nevoile participan\u021bilor:<\/p>\n\n\n\n<ul class=\"wp-block-list\">\n<li><strong>C\u0103utarea \u0219i adaptarea frecven\u021belor:<\/strong>&nbsp;tehnici de identificare \u0219i ajustare a frecven\u021belor de antrenament, recunoa\u0219terea \u0219i interpretarea modific\u0103rilor \u0219i efectelor \u00eenregistrate \u00een timpul sesiunilor.<\/li>\n\n\n\n<li><strong>Pozitiile&nbsp;electrozilor:<\/strong>&nbsp;metode de aplicare \u0219i ajustare a&nbsp;pozi\u021biilor, identificarea necesit\u0103\u021bii de modificare a antrenamentului \u0219i corelarea simptomelor cu&nbsp;pozi\u021biile&nbsp;ini\u021biale \u0219i de baz\u0103.<\/li>\n\n\n\n<li><strong>Managementul simptomelor \u0219i evaluarea succesului antrenamentului:<\/strong>&nbsp;clasificarea simptomelor de supra- \u0219i sub-stimulare, diferen\u021bierea \u00eentre&nbsp;nivel de stimulare fiziologic&nbsp;\u0219i excitabilitate&nbsp;neuronala, abordarea&nbsp;abreac\u021biilor&nbsp;la antrenamentele de neurofeedback \u0219i stabilirea unor a\u0219tept\u0103ri realiste privind eficien\u021baantrenamentului.<\/li>\n<\/ul>\n\n\n\n<h2 class=\"wp-block-heading\"><strong>Competen\u021be dob\u00e2ndite<\/strong><\/h2>\n\n\n\n<p>La finalizarea cursului, participan\u021bii vor putea:<\/p>\n\n\n\n<ul class=\"wp-block-list\">\n<li>s\u0103 gestioneze \u00een mod competent provoc\u0103rile clinice \u0219i tehnice avansate din practica neurofeedback;<\/li>\n\n\n\n<li>s\u0103 lucreze cu \u00eencredere \u0219i eficien\u021b\u0103 \u00een rela\u021bia cu clien\u021bii, prin analiza simptomelor complexe \u0219i elaborarea unor strategii&nbsp;corespunz\u0103toare;<\/li>\n\n\n\n<li>s\u0103 \u00ee\u0219i calibreze \u00een mod realist a\u0219tept\u0103rile profesionale \u0219i pe cele ale clien\u021bilor.<\/li>\n<\/ul>\n\n\n\n<h2 class=\"wp-block-heading\"><strong>Puncte de interes<\/strong><\/h2>\n\n\n\n<ul class=\"wp-block-list\">\n<li>Structur\u0103 flexibil\u0103 a con\u021binutului, adaptat\u0103 specificului grupului de participan\u021bi;<\/li>\n\n\n\n<li>Posibilitatea de a adresa \u00eentreb\u0103ri individuale \u0219i de a primi r\u0103spunsuri aplicate;<\/li>\n\n\n\n<li>Accent pe aplicabilitate practic\u0103, cu solu\u021bii ce pot fi implementate imediat \u00een activitatea profesional\u0103<\/li>\n\n\n\n<li>\u00cencrederea de a porni la drum \u00een sprijinul clien\u021bilor care caut\u0103 solu\u021bii eficiente \u0219i non-invazive<\/li>\n<\/ul>\n\n\n\n<h2 class=\"wp-block-heading\"><strong>\u0218tia\u021bi c\u0103\u2026<\/strong><\/h2>\n\n\n\n<ul class=\"wp-block-list\">\n<li>La nivel global,&nbsp;<strong>peste 10,000 de practicieni neurofeedback ILF lucreaza in 40 de tari<\/strong>, ceea ce confirm\u0103 relevan\u021ba \u0219i aplicabilitatea acestei metode ca solu\u021bie modern\u0103, eficient\u0103 \u0219i non-invaziv\u0103.<\/li>\n\n\n\n<li>Cu&nbsp;<strong>Neurofeedback&nbsp;ILF<\/strong>, rezultatele pot fi observate chiar \u0219i dup\u0103 o singur\u0103 \u0219edin\u021b\u0103 \u2013 aspect confirmat \u0219i de studii recente cu fMRI.<\/li>\n<\/ul>\n\n\n\n<p><strong>De asemenea:<\/strong><\/p>\n\n\n\n<ul class=\"wp-block-list\">\n<li>Po\u021bi avea un factor clar de diferen\u021biere fa\u021b\u0103 de colegii de breasl\u0103.<\/li>\n\n\n\n<li>\u00ce\u021bi po\u021bi construi o list\u0103 de a\u0219teptare de pacien\u021bi\/clienti.<\/li>\n\n\n\n<li>\u00ce\u021bi po\u021bi extinde practica prin angajarea altor speciali\u0219ti \u00een s\u0103n\u0103tate mintal\u0103.<\/li>\n\n\n\n<li>\u00ce\u021bi po\u021bi lua o vacan\u021b\u0103 lini\u0219tit(\u0103), \u0219tiind c\u0103&nbsp;planul de interven\u021bie al&nbsp;clien\u021bilor continu\u0103 f\u0103r\u0103 \u00eentreruperi.<\/li>\n<\/ul>\n\n\n\n<p><strong>\u00censcrie-te la atelierul de Neurofeedback ILF complet\u00e2nd formularul de mai jos!<\/strong><\/p>\n\n\n\n<div class=\"wp-block-buttons alignwide has-theme-palette-1-background-color has-background is-content-justification-center is-layout-flex wp-container-core-buttons-is-layout-16018d1d wp-block-buttons-is-layout-flex\">\n<div class=\"wp-block-button\"><a class=\"wp-block-button__link wp-element-button\" href=\"https:\/\/form.jotform.com\/Neurofeedback_Romania\/atelier-neurofeedback-ilf\" target=\"_blank\" rel=\"noopener\"><strong>Completeaz\u0103 formularul de mai jos pentru \u00eenscriere<\/strong><\/a><\/div>\n<\/div>\n\n\n\n<script type=\"text\/javascript\" src=\"https:\/\/form.jotform.com\/jsform\/252655869696379\"><\/script>\n\n\n\n<p><\/p>","protected":false},"excerpt":{"rendered":"<p>Data &#8211; curs de o zi, la alegere \u00eentre s\u0103mb\u0103t\u0103, 8 noiembrie sau duminic\u0103, 9 noiembrie 2025 12 locuri limitate\/zi. Ora &#8211; 09:00 &#8211; 18:00 Pre\u021b: 1452 lei (TVA 21% inclus) Cafea, r\u0103coritoare&nbsp;si gust\u0103ri&nbsp;incluse. Atelierul este deschis absolven\u021bilor cursului de baz\u0103 \u00een Neurofeedback ILF organizat de Neurofeedback Rom\u00e2nia sau de un partener BeeMedic. Cursul de&#8230;<\/p>","protected":false},"author":4,"featured_media":7405,"parent":0,"menu_order":0,"comment_status":"closed","ping_status":"closed","template":"","meta":{"_acf_changed":false,"_kad_post_transparent":"","_kad_post_title":"","_kad_post_layout":"","_kad_post_sidebar_id":"","_kad_post_content_style":"","_kad_post_vertical_padding":"","_kad_post_feature":"","_kad_post_feature_position":"","_kad_post_header":false,"_kad_post_footer":false,"_kad_post_classname":"","footnotes":""},"class_list":["post-7404","page","type-page","status-publish","has-post-thumbnail","hentry"],"acf":[],"_links":{"self":[{"href":"https:\/\/neurofeedback-romania.ro\/en\/wp-json\/wp\/v2\/pages\/7404","targetHints":{"allow":["GET"]}}],"collection":[{"href":"https:\/\/neurofeedback-romania.ro\/en\/wp-json\/wp\/v2\/pages"}],"about":[{"href":"https:\/\/neurofeedback-romania.ro\/en\/wp-json\/wp\/v2\/types\/page"}],"author":[{"embeddable":true,"href":"https:\/\/neurofeedback-romania.ro\/en\/wp-json\/wp\/v2\/users\/4"}],"replies":[{"embeddable":true,"href":"https:\/\/neurofeedback-romania.ro\/en\/wp-json\/wp\/v2\/comments?post=7404"}],"version-history":[{"count":7,"href":"https:\/\/neurofeedback-romania.ro\/en\/wp-json\/wp\/v2\/pages\/7404\/revisions"}],"predecessor-version":[{"id":7422,"href":"https:\/\/neurofeedback-romania.ro\/en\/wp-json\/wp\/v2\/pages\/7404\/revisions\/7422"}],"wp:featuredmedia":[{"embeddable":true,"href":"https:\/\/neurofeedback-romania.ro\/en\/wp-json\/wp\/v2\/media\/7405"}],"wp:attachment":[{"href":"https:\/\/neurofeedback-romania.ro\/en\/wp-json\/wp\/v2\/media?parent=7404"}],"curies":[{"name":"wp","href":"https:\/\/api.w.org\/{rel}","templated":true}]}}